{"version":"1.0","provider_name":"Pako\u015b\u0107 \u2013 Kalwaria","provider_url":"https:\/\/pakosc-kalwaria.franciszkanie.net","title":"Nabo\u017ce\u0144stwo fatimskie w Pako\u015bci - 13 wrze\u015bnia - Pako\u015b\u0107 \u2013 Kalwaria","type":"rich","width":600,"height":338,"html":"<blockquote class=\"wp-embedded-content\" data-secret=\"1JU0kSYLV4\"><a href=\"https:\/\/pakosc-kalwaria.franciszkanie.net\/index.php\/2018\/09\/03\/nabozenstwa-fatimskie-pakosci\/\">Nabo\u017ce\u0144stwo fatimskie w Pako\u015bci &#8211; 13 wrze\u015bnia<\/a><\/blockquote><iframe sandbox=\"allow-scripts\" security=\"restricted\" src=\"https:\/\/pakosc-kalwaria.franciszkanie.net\/index.php\/2018\/09\/03\/nabozenstwa-fatimskie-pakosci\/embed\/#?secret=1JU0kSYLV4\" width=\"600\" height=\"338\" title=\"&#8222;Nabo\u017ce\u0144stwo fatimskie w Pako\u015bci &#8211; 13 wrze\u015bnia&#8221; &#8212; Pako\u015b\u0107 \u2013 Kalwaria\" data-secret=\"1JU0kSYLV4\" frameborder=\"0\" marginwidth=\"0\" marginheight=\"0\" scrolling=\"no\" class=\"wp-embedded-content\"><\/iframe><script type=\"text\/javascript\">\n\/*! This file is auto-generated *\/\n!function(d,l){\"use strict\";var e=!1,o=!1;if(l.querySelector)if(d.addEventListener)e=!0;if(d.wp=d.wp||{},!d.wp.receiveEmbedMessage)if(d.wp.receiveEmbedMessage=function(e){var t=e.data;if(t)if(t.secret||t.message||t.value)if(!\/[^a-zA-Z0-9]\/.test(t.secret)){for(var r,a,i,s=l.querySelectorAll('iframe[data-secret=\"'+t.secret+'\"]'),n=l.querySelectorAll('blockquote[data-secret=\"'+t.secret+'\"]'),o=new RegExp(\"^https?:$\",\"i\"),c=0;c<n.length;c++)n[c].style.display=\"none\";for(c=0;c<s.length;c++)if(r=s[c],e.source===r.contentWindow){if(r.removeAttribute(\"style\"),\"height\"===t.message){if(1e3<(i=parseInt(t.value,10)))i=1e3;else if(~~i<200)i=200;r.height=i}if(\"link\"===t.message)if(a=l.createElement(\"a\"),i=l.createElement(\"a\"),a.href=r.getAttribute(\"src\"),i.href=t.value,o.test(i.protocol))if(i.host===a.host)if(l.activeElement===r)d.top.location.href=t.value}}},e)d.addEventListener(\"message\",d.wp.receiveEmbedMessage,!1),l.addEventListener(\"DOMContentLoaded\",t,!1),d.addEventListener(\"load\",t,!1);function t(){if(!o){o=!0;for(var e,t,r,a=-1!==navigator.appVersion.indexOf(\"MSIE 10\"),i=!!navigator.userAgent.match(\/Trident.*rv:11\\.\/),s=l.querySelectorAll(\"iframe.wp-embedded-content\"),n=0;n<s.length;n++){if(!(r=(t=s[n]).getAttribute(\"data-secret\")))r=Math.random().toString(36).substr(2,10),t.src+=\"#?secret=\"+r,t.setAttribute(\"data-secret\",r);if(a||i)(e=t.cloneNode(!0)).removeAttribute(\"security\"),t.parentNode.replaceChild(e,t);t.contentWindow.postMessage({message:\"ready\",secret:r},\"*\")}}}}(window,document);\n<\/script>\n","thumbnail_url":"https:\/\/pakosc-kalwaria.franciszkanie.net\/wp-content\/uploads\/2018\/05\/MB-Fatima.jpg","thumbnail_width":350,"thumbnail_height":220,"description":"Kolejne tegoroczne nabo\u017ce\u0144stwo fatimskie w\u00a0 czwartek 13 wrze\u015bnia. O 18.00 Msza \u015bw. w ko\u015bciele \u015bw. Bonawentury. Po Mszy \u015bw. Procesja R\u00f3\u017ca\u0144cowa ze \u015bwiecami dr\u00f3\u017ckami kalwaryjskimi na Wzg\u00f3rze Kalwaryjskie. Zako\u0144czenie Apelem Jasnog\u00f3rskim w Sanktuarium Krzy\u017ca \u015awi\u0119tego na G\u00f3rze Mi\u0142osierdzia. Wszystkich czcicieli Maryi zapraszamy do licznego udzia\u0142u w tych nabo\u017ce\u0144stwach i procesjach, kt\u00f3re b\u0119d\u0105 odbywa\u0142y si\u0119 do &hellip;"}