{"version":"1.0","provider_name":"Pako\u015b\u0107 \u2013 Kalwaria","provider_url":"https:\/\/pakosc-kalwaria.franciszkanie.net","title":"\u015aw. Joanna Berenta Molla - 28 kwietnia - Pako\u015b\u0107 \u2013 Kalwaria","type":"rich","width":600,"height":338,"html":"<blockquote class=\"wp-embedded-content\" data-secret=\"sI6cX57FUM\"><a href=\"https:\/\/pakosc-kalwaria.franciszkanie.net\/index.php\/2021\/04\/23\/sw-joanna-berenta-molla-28-kwietnia\/\">\u015aw. Joanna Berenta Molla &#8211; 28 kwietnia<\/a><\/blockquote><iframe sandbox=\"allow-scripts\" security=\"restricted\" src=\"https:\/\/pakosc-kalwaria.franciszkanie.net\/index.php\/2021\/04\/23\/sw-joanna-berenta-molla-28-kwietnia\/embed\/#?secret=sI6cX57FUM\" width=\"600\" height=\"338\" title=\"&#8222;\u015aw. Joanna Berenta Molla &#8211; 28 kwietnia&#8221; &#8212; Pako\u015b\u0107 \u2013 Kalwaria\" data-secret=\"sI6cX57FUM\" frameborder=\"0\" marginwidth=\"0\" marginheight=\"0\" scrolling=\"no\" class=\"wp-embedded-content\"><\/iframe><script type=\"text\/javascript\">\n\/*! This file is auto-generated *\/\n!function(d,l){\"use strict\";var e=!1,o=!1;if(l.querySelector)if(d.addEventListener)e=!0;if(d.wp=d.wp||{},!d.wp.receiveEmbedMessage)if(d.wp.receiveEmbedMessage=function(e){var t=e.data;if(t)if(t.secret||t.message||t.value)if(!\/[^a-zA-Z0-9]\/.test(t.secret)){for(var r,a,i,s=l.querySelectorAll('iframe[data-secret=\"'+t.secret+'\"]'),n=l.querySelectorAll('blockquote[data-secret=\"'+t.secret+'\"]'),o=new RegExp(\"^https?:$\",\"i\"),c=0;c<n.length;c++)n[c].style.display=\"none\";for(c=0;c<s.length;c++)if(r=s[c],e.source===r.contentWindow){if(r.removeAttribute(\"style\"),\"height\"===t.message){if(1e3<(i=parseInt(t.value,10)))i=1e3;else if(~~i<200)i=200;r.height=i}if(\"link\"===t.message)if(a=l.createElement(\"a\"),i=l.createElement(\"a\"),a.href=r.getAttribute(\"src\"),i.href=t.value,o.test(i.protocol))if(i.host===a.host)if(l.activeElement===r)d.top.location.href=t.value}}},e)d.addEventListener(\"message\",d.wp.receiveEmbedMessage,!1),l.addEventListener(\"DOMContentLoaded\",t,!1),d.addEventListener(\"load\",t,!1);function t(){if(!o){o=!0;for(var e,t,r,a=-1!==navigator.appVersion.indexOf(\"MSIE 10\"),i=!!navigator.userAgent.match(\/Trident.*rv:11\\.\/),s=l.querySelectorAll(\"iframe.wp-embedded-content\"),n=0;n<s.length;n++){if(!(r=(t=s[n]).getAttribute(\"data-secret\")))r=Math.random().toString(36).substr(2,10),t.src+=\"#?secret=\"+r,t.setAttribute(\"data-secret\",r);if(a||i)(e=t.cloneNode(!0)).removeAttribute(\"security\"),t.parentNode.replaceChild(e,t);t.contentWindow.postMessage({message:\"ready\",secret:r},\"*\")}}}}(window,document);\n<\/script>\n","thumbnail_url":"https:\/\/pakosc-kalwaria.franciszkanie.net\/wp-content\/uploads\/2021\/04\/t6.jpg","thumbnail_width":350,"thumbnail_height":228,"description":"\u015aw. Joanna Berenta Molla (28 kwietnia) W\u0142oszka, \u017cona i matka. Gdy by\u0142a w ci\u0105\u017cy, dotkni\u0119ta chorob\u0105 nowotworow\u0105, wola\u0142a umrze\u0107 ni\u017c podda\u0107 si\u0119 leczeniu, kt\u00f3re spowodowa\u0142oby \u015bmier\u0107 jej pocz\u0119tego dziecka. Urodzi\u0142a si\u0119 w mie\u015bcie Magenta (ko\u0142o Mediolanu) jako dziesi\u0105ta z 13 dzieci. Od najm\u0142odszych lat odznacza\u0142a si\u0119 \u017cyw\u0105 wiar\u0105, otrzymawszy solidne wychowanie religijne. Do I komunii &hellip;"}