{"version":"1.0","provider_name":"Pako\u015b\u0107 \u2013 Kalwaria","provider_url":"https:\/\/pakosc-kalwaria.franciszkanie.net","title":"Dni Odnowy Wewn\u0119trznej - Maj 2022r. - Pako\u015b\u0107 \u2013 Kalwaria","type":"rich","width":600,"height":338,"html":"<blockquote class=\"wp-embedded-content\" data-secret=\"9swDay9pp3\"><a href=\"https:\/\/pakosc-kalwaria.franciszkanie.net\/index.php\/2022\/05\/03\/dni-odnowy-wewnetrznej-maj-2022r\/\">Dni Odnowy Wewn\u0119trznej &#8211; Maj 2022r.<\/a><\/blockquote><iframe sandbox=\"allow-scripts\" security=\"restricted\" src=\"https:\/\/pakosc-kalwaria.franciszkanie.net\/index.php\/2022\/05\/03\/dni-odnowy-wewnetrznej-maj-2022r\/embed\/#?secret=9swDay9pp3\" width=\"600\" height=\"338\" title=\"&#8222;Dni Odnowy Wewn\u0119trznej &#8211; Maj 2022r.&#8221; &#8212; Pako\u015b\u0107 \u2013 Kalwaria\" data-secret=\"9swDay9pp3\" frameborder=\"0\" marginwidth=\"0\" marginheight=\"0\" scrolling=\"no\" class=\"wp-embedded-content\"><\/iframe><script type=\"text\/javascript\">\n\/*! This file is auto-generated *\/\n!function(d,l){\"use strict\";var e=!1,o=!1;if(l.querySelector)if(d.addEventListener)e=!0;if(d.wp=d.wp||{},!d.wp.receiveEmbedMessage)if(d.wp.receiveEmbedMessage=function(e){var t=e.data;if(t)if(t.secret||t.message||t.value)if(!\/[^a-zA-Z0-9]\/.test(t.secret)){for(var r,a,i,s=l.querySelectorAll('iframe[data-secret=\"'+t.secret+'\"]'),n=l.querySelectorAll('blockquote[data-secret=\"'+t.secret+'\"]'),o=new RegExp(\"^https?:$\",\"i\"),c=0;c<n.length;c++)n[c].style.display=\"none\";for(c=0;c<s.length;c++)if(r=s[c],e.source===r.contentWindow){if(r.removeAttribute(\"style\"),\"height\"===t.message){if(1e3<(i=parseInt(t.value,10)))i=1e3;else if(~~i<200)i=200;r.height=i}if(\"link\"===t.message)if(a=l.createElement(\"a\"),i=l.createElement(\"a\"),a.href=r.getAttribute(\"src\"),i.href=t.value,o.test(i.protocol))if(i.host===a.host)if(l.activeElement===r)d.top.location.href=t.value}}},e)d.addEventListener(\"message\",d.wp.receiveEmbedMessage,!1),l.addEventListener(\"DOMContentLoaded\",t,!1),d.addEventListener(\"load\",t,!1);function t(){if(!o){o=!0;for(var e,t,r,a=-1!==navigator.appVersion.indexOf(\"MSIE 10\"),i=!!navigator.userAgent.match(\/Trident.*rv:11\\.\/),s=l.querySelectorAll(\"iframe.wp-embedded-content\"),n=0;n<s.length;n++){if(!(r=(t=s[n]).getAttribute(\"data-secret\")))r=Math.random().toString(36).substr(2,10),t.src+=\"#?secret=\"+r,t.setAttribute(\"data-secret\",r);if(a||i)(e=t.cloneNode(!0)).removeAttribute(\"security\"),t.parentNode.replaceChild(e,t);t.contentWindow.postMessage({message:\"ready\",secret:r},\"*\")}}}}(window,document);\n<\/script>\n","thumbnail_url":"https:\/\/pakosc-kalwaria.franciszkanie.net\/wp-content\/uploads\/2022\/04\/jezus-i-maryja.jpg","thumbnail_width":300,"thumbnail_height":214,"description":"Zach\u0119camy do comiesi\u0119cznej Spowiedzi \u015bwi\u0119tej i pierwszopi\u0105tkowej Komunii \u015bwi\u0119tej\u00a0\u00a0\u00a0 \u00a0 PIERWSZY\u00a0 CZWARTEK\u00a0 MIESI\u0104CA \u00a0&#8211;\u00a0 5 maja 2022r. Komunia \u015bwi\u0119ta pod dwoma postaciami 16.30 \u2013 Spowied\u017a \u015bwi\u0119ta 17.00 \u2013 Msza \u015bwi\u0119ta o nowe powo\u0142ania\u00a0 kap\u0142a\u0144skie i zakonne oraz za Liturgiczn\u0105 S\u0142u\u017cb\u0119 O\u0142tarza i ich Rodziny 17.30 \u2013 Nabo\u017ce\u0144stwo majowe 20.30 &#8211; R\u00f3\u017caniec \u015bwi\u0119ty 21.00 &#8211; Apel &hellip;"}