{"id":92,"date":"2016-07-15T12:20:23","date_gmt":"2016-07-15T10:20:23","guid":{"rendered":"http:\/\/pakosc-kalwaria.franciszkanie.net\/?page_id=92"},"modified":"2016-07-15T12:20:23","modified_gmt":"2016-07-15T10:20:23","slug":"testament-sw-franciszka","status":"publish","type":"page","link":"https:\/\/pakosc-kalwaria.franciszkanie.net\/index.php\/sw-franciszek-z-asyzu\/testament-sw-franciszka\/","title":{"rendered":"TESTAMENT \u015aW. FRANCISZKA"},"content":{"rendered":"<p>Mnie, bratu Franciszkowi, Pan da\u0142 tak rozpocz\u0105\u0107 \u017cycie pokuty: gdy by\u0142em w grzechach, widok tr\u0119dowatych wydawa\u0142 mi si\u0119 bardzo przykry. 2I Pan sam wprowadzi\u0142 mnie mi\u0119dzy nich i okazywa\u0142em im mi\u0142osierdzie. 3I kiedy odchodzi\u0142em od nich, to, co wydawa\u0142o mi si\u0119 gorzkie, zmieni\u0142o mi si\u0119 w s\u0142odycz duszy i cia\u0142a; i potem nie czekaj\u0105c d\u0142ugo, porzuci\u0142em \u015bwiat. 4I Pan da\u0142 mi w ko\u015bcio\u0142ach tak\u0105 wiar\u0119, \u017ce tak po prostu modli\u0142em si\u0119 i m\u00f3wi\u0142em: 5&#8243;Wielbimy Ci\u0119, Panie Jezu Chryste, [tu] i we wszystkich ko\u015bcio\u0142ach Twoich, kt\u00f3re s\u0105 na ca\u0142ym \u015bwi\u0119cie i b\u0142ogos\u0142awimy Tobie, \u017ce przez \u015bwi\u0119ty krzy\u017c Tw\u00f3j odkupi\u0142e\u015b \u015bwiat&#8221;.<\/p>\n<p>6Potem da\u0142 mi Pan i daje tak wielkie zaufanie do kap\u0142an\u00f3w, kt\u00f3rzy \u017cyj\u0105 wed\u0142ug zasad \u015bwi\u0119tego Ko\u015bcio\u0142a Rzymskiego ze wzgl\u0119du na ich godno\u015b\u0107 kap\u0142a\u0144sk\u0105, \u017ce chocia\u017c prze\u015bladowaliby mnie, chc\u0119 si\u0119 do nich zwraca\u0107. 7I chocia\u017c mia\u0142bym tak wielk\u0105 m\u0105dro\u015b\u0107 jak Salomon, a spotka\u0142bym bardzo biednych kap\u0142an\u00f3w tego \u015bwiata, nie chc\u0119 wbrew ich woli naucza\u0107 w parafiach, w kt\u00f3rych oni przebywaj\u0105. 8I tych, i wszystkich innych chc\u0119 si\u0119 ba\u0107, kocha\u0107 i szanowa\u0107 jako moich pan\u00f3w. 9I nie chc\u0119 dopatrywa\u0107 si\u0119 w nich grzechu, poniewa\u017c rozpoznaj\u0119 w nich Syna Bo\u017cego i s\u0105 moimi panami. 10I post\u0119puj\u0119 tak, poniewa\u017c na tym \u015bwiecie nie widz\u0119 niczego wzrokiem cielesnym z Najwy\u017cszego Syna Bo\u017cego, tylko Jego Naj\u015bwi\u0119tsze Cia\u0142o i Naj\u015bwi\u0119tsz\u0105 Krew, kt\u00f3re oni przyjmuj\u0105 i oni tylko innym udzielaj\u0105. 11I pragn\u0119 aby te naj\u015bwi\u0119tsze tajemnice by\u0142y ponad wszystko czczone, uwielbiane i umieszczane w godnych miejscach. 12Gdzie tylko znajd\u0119 w miejscach nieodpowiednich napisane naj\u015bwi\u0119tsze imiona i s\u0142owa Jego, pragn\u0119 je zbiera\u0107 i prosz\u0119, aby je zbierano i sk\u0142adano w odpowiednim miejscu. 13I wszystkich teolog\u00f3w i tych, kt\u00f3rzy nam podaj\u0105 naj\u015bwi\u0119tsze s\u0142owa Bo\u017ce, powinni\u015bmy szanowa\u0107 i czci\u0107 jako tych, kt\u00f3rzy daj\u0105 nam ducha i \u017cycie (por. J 6, 64).<\/p>\n<p>14I gdy Pan zleci\u0142 mi trosk\u0119 o braci, nikt mi nie wskazywa\u0142, co mam czyni\u0107, lecz sam Najwy\u017cszy objawi\u0142 mi, \u017ce powinienem \u017cy\u0107 wed\u0142ug Ewangelii \u015bwi\u0119tej. 15I ja kaza\u0142em to spisa\u0107 w niewielu prostych s\u0142owach, i Ojciec \u015bw. potwierdzi\u0142 mi. 16A ci, kt\u00f3rzy przychodzili przyj\u0105\u0107 ten spos\u00f3b \u017cycia, rozdawali ubogim wszystko, co mogli posiada\u0107 (por. Tb 1, 3); i zadowalali si\u0119 jedn\u0105 tunik\u0105 po\u0142atan\u0105 od spodu i z wierzchu, sznurem i spodniami. 17I nie chcieli\u015bmy mie\u0107 wi\u0119cej.<\/p>\n<p>18Oficjum odmawiali\u015bmy my, klerycy, jak inni duchowni; nieklerycy odmawiali: Ojcze nasz; i bardzo ch\u0119tnie przebywali\u015bmy w Ko\u015bcio\u0142ach. 19I byli\u015bmy niewykszta\u0142ceni i ulegli wszystkim. 20I ja pracowa\u0142em w\u0142asnymi r\u0119kami i pragn\u0119 pracowa\u0107; i chc\u0119 stanowczo, aby wszyscy inni bracia oddawali si\u0119 pracy, co jest wyrazem uczciwo\u015bci. 21Ci, kt\u00f3rzy nie umiej\u0105, niech si\u0119 naucz\u0105, nie z powodu chciwo\u015bci, aby otrzyma\u0107 wynagrodzenie za prac\u0119, lecz dla przyk\u0142adu i zwalczania lenistwa. 22A kiedy nie dadz\u0105 nam zap\u0142aty za prac\u0119, udajmy si\u0119 do sto\u0142u Pa\u0144skiego i pro\u015bmy o ja\u0142mu\u017cn\u0119 od drzwi do drzwi.<\/p>\n<p>23Pan objawi\u0142 mi, aby\u015bmy u\u017cywali pozdrowienia: niech Pan obdarzy was pokojem (por. Lb 6, 26). 24Niech bracia strzeg\u0105 si\u0119, aby wcale nie przyjmowali ko\u015bcio\u0142\u00f3w, ubogich mieszka\u0144 i wszystkiego, co si\u0119 dla nich buduje, je\u015bli si\u0119 to nie zgadza ze \u015bwi\u0119tym ub\u00f3stwem, kt\u00f3re \u015blubowali\u015bmy w regule, goszcz\u0105c w nich zawsze jak obcy i pielgrzymi (por. 1 P 2, 11).<\/p>\n<p>25Nakazuj\u0119 stanowczo na mocy pos\u0142usze\u0144stwa wszystkim braciom, gdziekolwiek s\u0105, aby nie wa\u017cyli si\u0119 ani osobi\u015bcie, ani przez po\u015brednik\u00f3w prosi\u0107 w kurii rzymskiej o jakiekolwiek pisma [polecaj\u0105ce] ani dla ko\u015bcio\u0142a, ani dla \u017cadnego innego miejsca, ani pod pozorem kaznodziejstwa, ani z powodu prze\u015bladowania cielesnego; 26lecz je\u015bli ich gdzie\u015b nie przyjm\u0105, niech si\u0119 schroni\u0105 do innego kraju, aby tam z b\u0142ogos\u0142awie\u0144stwem Bo\u017cym czyni\u0107 pokut\u0119.<\/p>\n<p>27I bardzo pragn\u0119 by\u0107 pos\u0142usznym ministrowi generalnemu tego braterstwa i temu gwardianowi, kt\u00f3rego on zechce mi wyznaczy\u0107. 28I tak chc\u0119 by\u0107 uj\u0119ty w jego r\u0119kach, \u017cebym bez jego woli i wbrew pos\u0142usze\u0144stwu nie m\u00f3g\u0142 si\u0119 porusza\u0107 ani cokolwiek czyni\u0107, gdy\u017c on jest moim panem.<\/p>\n<p>29I chocia\u017c jestem cz\u0142owiekiem prostym i chorym, pragn\u0119 jednak mie\u0107 zawsze kleryka, \u017ceby mi odmawia\u0142 oficjum, jak przepisuje regu\u0142a. 30I wszyscy inni bracia powinni tak samo s\u0142ucha\u0107 swoich gwardian\u00f3w i odmawia\u0107 oficjum wed\u0142ug regu\u0142y. 31A je\u015bli znale\u017aliby si\u0119 bracia, kt\u00f3rzy nie odmawialiby oficjum wed\u0142ug regu\u0142y i chcieliby wprowadzi\u0107 jakie\u015b zmiany albo nie byliby katolikami, to wszyscy bracia, gdziekolwiek przebywaj\u0105, spotkawszy kt\u00f3rego\u015b z nich, obowi\u0105zani b\u0119d\u0105 pod pos\u0142usze\u0144stwem doprowadzi\u0107 go do najbli\u017cszego kustosza tego miejsca, gdzie go znale\u017ali. 32A kustosz pod pos\u0142usze\u0144stwem obowi\u0105zany jest strzec go pilnie we dnie i w nocy jak wi\u0119\u017ania, aby nie m\u00f3g\u0142 mu uciec, dop\u00f3ki go we w\u0142asnej osobie nie odda w r\u0119ce swego ministra. 33I minister pod pos\u0142usze\u0144stwem obowi\u0105zany jest odes\u0142a\u0107 go przez takich braci, kt\u00f3rzy b\u0119d\u0105 go strzec we dnie i w nocy jak wi\u0119\u017ania, dop\u00f3ki nie przyprowadz\u0105 go do pana Ostii, kt\u00f3ry jest panem i opiekunem ca\u0142ego braterstwa, utrzymuj\u0105cym je w karno\u015bci. 34I niech nie m\u00f3wi\u0105 bracia: &#8222;To jest inna regu\u0142a&#8221;, jest to bowiem przypomnienie, pouczenie, zach\u0119ta i m\u00f3j testament, kt\u00f3ry ja, maluczki brat Franciszek, zostawiam wam, braciom moim umi\u0142owanym, po to, aby\u015bmy bardziej w duchu katolickim zachowywali regu\u0142\u0119 \u015blubowan\u0105 Panu.<\/p>\n<p>35A ministrowi generalnemu i wszystkim innym ministrom i kustoszom zabraniam na mocy pos\u0142usze\u0144stwa cokolwiek do tych s\u0142\u00f3w dodawa\u0107 lub ujmowa\u0107. 36Niech to pismo zawsze maj\u0105 przy sobie wraz z regu\u0142\u0105. 37I na wszystkich kapitu\u0142ach, kt\u00f3re odprawiaj\u0105, czytaj\u0105c regu\u0142\u0119, niech przeczytaj\u0105 i te s\u0142owa. 38I wszystkim moim braciom klerykom i nie-klerykom zakazuj\u0119 stanowczo na mocy pos\u0142usze\u0144stwa wprowadza\u0107 wyja\u015bnienia do regu\u0142y i do tych s\u0142\u00f3w; niech nie m\u00f3wi\u0105: &#8222;Tak nale\u017cy je rozumie\u0107&#8221;. 39Lecz jak Pan da\u0142 mi prosto i jasno m\u00f3wi\u0107 i napisa\u0107 regu\u0142\u0119 i te s\u0142owa, tak prosto i bez wyja\u015bnie\u0144 rozumiejcie je i gorliwie zachowujcie a\u017c do ko\u0144ca.<\/p>\n<p>40I ktokolwiek to zachowa, niech w niebie b\u0119dzie nape\u0142niony b\u0142ogos\u0142awie\u0144stwem Ojca najwy\u017cszego, a na ziemi b\u0142ogos\u0142awie\u0144stwem umi\u0142owanego Syna Jego z Naj\u015bwi\u0119tszym Duchem Pocieszycielem i ze wszystkimi mocami niebios, i ze wszystkimi \u015bwi\u0119tymi. 41I ja, brat Franciszek, najmniejszy wasz s\u0142uga, jak tylko mog\u0119, wewn\u0119trznie i zewn\u0119trznie potwierdzam wam to naj\u015bwi\u0119tsze b\u0142ogos\u0142awie\u0144stwo.<\/p>\n","protected":false},"excerpt":{"rendered":"<p>Mnie, bratu Franciszkowi, Pan da\u0142 tak rozpocz\u0105\u0107 \u017cycie pokuty: gdy by\u0142em w grzechach, widok tr\u0119dowatych wydawa\u0142 mi si\u0119 bardzo przykry. 2I Pan sam wprowadzi\u0142 mnie mi\u0119dzy nich i okazywa\u0142em im mi\u0142osierdzie. 3I kiedy odchodzi\u0142em od nich, to, co wydawa\u0142o mi si\u0119 gorzkie, zmieni\u0142o mi si\u0119 w s\u0142odycz duszy i cia\u0142a; i potem nie czekaj\u0105c d\u0142ugo, &hellip;<\/p>\n","protected":false},"author":5,"featured_media":0,"parent":67,"menu_order":0,"comment_status":"closed","ping_status":"closed","template":"","meta":{"_mi_skip_tracking":false,"_exactmetrics_sitenote_active":false,"_exactmetrics_sitenote_note":"","_exactmetrics_sitenote_category":0},"yoast_head":"<!-- This site is optimized with the Yoast SEO plugin v18.1 - https:\/\/yoast.com\/wordpress\/plugins\/seo\/ -->\n<title>TESTAMENT \u015aW. FRANCISZKA - Pako\u015b\u0107 \u2013 Kalwaria<\/title>\n<meta name=\"robots\" content=\"index, follow, max-snippet:-1, max-image-preview:large, max-video-preview:-1\" \/>\n<link rel=\"canonical\" href=\"https:\/\/pakosc-kalwaria.franciszkanie.net\/index.php\/sw-franciszek-z-asyzu\/testament-sw-franciszka\/\" \/>\n<meta property=\"og:locale\" content=\"pl_PL\" \/>\n<meta property=\"og:type\" content=\"article\" \/>\n<meta property=\"og:title\" content=\"TESTAMENT \u015aW. FRANCISZKA - Pako\u015b\u0107 \u2013 Kalwaria\" \/>\n<meta property=\"og:description\" content=\"Mnie, bratu Franciszkowi, Pan da\u0142 tak rozpocz\u0105\u0107 \u017cycie pokuty: gdy by\u0142em w grzechach, widok tr\u0119dowatych wydawa\u0142 mi si\u0119 bardzo przykry. 2I Pan sam wprowadzi\u0142 mnie mi\u0119dzy nich i okazywa\u0142em im mi\u0142osierdzie. 3I kiedy odchodzi\u0142em od nich, to, co wydawa\u0142o mi si\u0119 gorzkie, zmieni\u0142o mi si\u0119 w s\u0142odycz duszy i cia\u0142a; i potem nie czekaj\u0105c d\u0142ugo, &hellip;\" \/>\n<meta property=\"og:url\" content=\"https:\/\/pakosc-kalwaria.franciszkanie.net\/index.php\/sw-franciszek-z-asyzu\/testament-sw-franciszka\/\" \/>\n<meta property=\"og:site_name\" content=\"Pako\u015b\u0107 \u2013 Kalwaria\" \/>\n<meta name=\"twitter:card\" content=\"summary\" \/>\n<meta name=\"twitter:label1\" content=\"Szacowany czas czytania\" \/>\n\t<meta name=\"twitter:data1\" content=\"6 minut\" \/>\n<script type=\"application\/ld+json\" class=\"yoast-schema-graph\">{\"@context\":\"https:\/\/schema.org\",\"@graph\":[{\"@type\":\"WebSite\",\"@id\":\"https:\/\/pakosc-kalwaria.franciszkanie.net\/#website\",\"url\":\"https:\/\/pakosc-kalwaria.franciszkanie.net\/\",\"name\":\"Pako\u015b\u0107 \u2013 Kalwaria\",\"description\":\"Parafia Rzymsko \u2013 Katolicka p.w. Pana Jezusa Ukrzy\u017cowanego i  Matki Bo\u017cej Bolesnej ul. Barci\u0144ska 60, 88\u2013170 Pako\u015b\u0107 \u2013 Kalwaria\",\"potentialAction\":[{\"@type\":\"SearchAction\",\"target\":{\"@type\":\"EntryPoint\",\"urlTemplate\":\"https:\/\/pakosc-kalwaria.franciszkanie.net\/?s={search_term_string}\"},\"query-input\":\"required name=search_term_string\"}],\"inLanguage\":\"pl-PL\"},{\"@type\":\"WebPage\",\"@id\":\"https:\/\/pakosc-kalwaria.franciszkanie.net\/index.php\/sw-franciszek-z-asyzu\/testament-sw-franciszka\/#webpage\",\"url\":\"https:\/\/pakosc-kalwaria.franciszkanie.net\/index.php\/sw-franciszek-z-asyzu\/testament-sw-franciszka\/\",\"name\":\"TESTAMENT \u015aW. FRANCISZKA - Pako\u015b\u0107 \u2013 Kalwaria\",\"isPartOf\":{\"@id\":\"https:\/\/pakosc-kalwaria.franciszkanie.net\/#website\"},\"datePublished\":\"2016-07-15T10:20:23+00:00\",\"dateModified\":\"2016-07-15T10:20:23+00:00\",\"breadcrumb\":{\"@id\":\"https:\/\/pakosc-kalwaria.franciszkanie.net\/index.php\/sw-franciszek-z-asyzu\/testament-sw-franciszka\/#breadcrumb\"},\"inLanguage\":\"pl-PL\",\"potentialAction\":[{\"@type\":\"ReadAction\",\"target\":[\"https:\/\/pakosc-kalwaria.franciszkanie.net\/index.php\/sw-franciszek-z-asyzu\/testament-sw-franciszka\/\"]}]},{\"@type\":\"BreadcrumbList\",\"@id\":\"https:\/\/pakosc-kalwaria.franciszkanie.net\/index.php\/sw-franciszek-z-asyzu\/testament-sw-franciszka\/#breadcrumb\",\"itemListElement\":[{\"@type\":\"ListItem\",\"position\":1,\"name\":\"Strona g\u0142\u00f3wna\",\"item\":\"https:\/\/pakosc-kalwaria.franciszkanie.net\/\"},{\"@type\":\"ListItem\",\"position\":2,\"name\":\"\u015aW. FRANCISZEK Z ASY\u017bU\",\"item\":\"https:\/\/pakosc-kalwaria.franciszkanie.net\/index.php\/sw-franciszek-z-asyzu\/\"},{\"@type\":\"ListItem\",\"position\":3,\"name\":\"TESTAMENT \u015aW. FRANCISZKA\"}]}]}<\/script>\n<!-- \/ Yoast SEO plugin. -->","yoast_head_json":{"title":"TESTAMENT \u015aW. FRANCISZKA - Pako\u015b\u0107 \u2013 Kalwaria","robots":{"index":"index","follow":"follow","max-snippet":"max-snippet:-1","max-image-preview":"max-image-preview:large","max-video-preview":"max-video-preview:-1"},"canonical":"https:\/\/pakosc-kalwaria.franciszkanie.net\/index.php\/sw-franciszek-z-asyzu\/testament-sw-franciszka\/","og_locale":"pl_PL","og_type":"article","og_title":"TESTAMENT \u015aW. FRANCISZKA - Pako\u015b\u0107 \u2013 Kalwaria","og_description":"Mnie, bratu Franciszkowi, Pan da\u0142 tak rozpocz\u0105\u0107 \u017cycie pokuty: gdy by\u0142em w grzechach, widok tr\u0119dowatych wydawa\u0142 mi si\u0119 bardzo przykry. 2I Pan sam wprowadzi\u0142 mnie mi\u0119dzy nich i okazywa\u0142em im mi\u0142osierdzie. 3I kiedy odchodzi\u0142em od nich, to, co wydawa\u0142o mi si\u0119 gorzkie, zmieni\u0142o mi si\u0119 w s\u0142odycz duszy i cia\u0142a; i potem nie czekaj\u0105c d\u0142ugo, &hellip;","og_url":"https:\/\/pakosc-kalwaria.franciszkanie.net\/index.php\/sw-franciszek-z-asyzu\/testament-sw-franciszka\/","og_site_name":"Pako\u015b\u0107 \u2013 Kalwaria","twitter_card":"summary","twitter_misc":{"Szacowany czas czytania":"6 minut"},"schema":{"@context":"https:\/\/schema.org","@graph":[{"@type":"WebSite","@id":"https:\/\/pakosc-kalwaria.franciszkanie.net\/#website","url":"https:\/\/pakosc-kalwaria.franciszkanie.net\/","name":"Pako\u015b\u0107 \u2013 Kalwaria","description":"Parafia Rzymsko \u2013 Katolicka p.w. Pana Jezusa Ukrzy\u017cowanego i  Matki Bo\u017cej Bolesnej ul. Barci\u0144ska 60, 88\u2013170 Pako\u015b\u0107 \u2013 Kalwaria","potentialAction":[{"@type":"SearchAction","target":{"@type":"EntryPoint","urlTemplate":"https:\/\/pakosc-kalwaria.franciszkanie.net\/?s={search_term_string}"},"query-input":"required name=search_term_string"}],"inLanguage":"pl-PL"},{"@type":"WebPage","@id":"https:\/\/pakosc-kalwaria.franciszkanie.net\/index.php\/sw-franciszek-z-asyzu\/testament-sw-franciszka\/#webpage","url":"https:\/\/pakosc-kalwaria.franciszkanie.net\/index.php\/sw-franciszek-z-asyzu\/testament-sw-franciszka\/","name":"TESTAMENT \u015aW. FRANCISZKA - Pako\u015b\u0107 \u2013 Kalwaria","isPartOf":{"@id":"https:\/\/pakosc-kalwaria.franciszkanie.net\/#website"},"datePublished":"2016-07-15T10:20:23+00:00","dateModified":"2016-07-15T10:20:23+00:00","breadcrumb":{"@id":"https:\/\/pakosc-kalwaria.franciszkanie.net\/index.php\/sw-franciszek-z-asyzu\/testament-sw-franciszka\/#breadcrumb"},"inLanguage":"pl-PL","potentialAction":[{"@type":"ReadAction","target":["https:\/\/pakosc-kalwaria.franciszkanie.net\/index.php\/sw-franciszek-z-asyzu\/testament-sw-franciszka\/"]}]},{"@type":"BreadcrumbList","@id":"https:\/\/pakosc-kalwaria.franciszkanie.net\/index.php\/sw-franciszek-z-asyzu\/testament-sw-franciszka\/#breadcrumb","itemListElement":[{"@type":"ListItem","position":1,"name":"Strona g\u0142\u00f3wna","item":"https:\/\/pakosc-kalwaria.franciszkanie.net\/"},{"@type":"ListItem","position":2,"name":"\u015aW. FRANCISZEK Z ASY\u017bU","item":"https:\/\/pakosc-kalwaria.franciszkanie.net\/index.php\/sw-franciszek-z-asyzu\/"},{"@type":"ListItem","position":3,"name":"TESTAMENT \u015aW. FRANCISZKA"}]}]}},"_links":{"self":[{"href":"https:\/\/pakosc-kalwaria.franciszkanie.net\/index.php\/wp-json\/wp\/v2\/pages\/92"}],"collection":[{"href":"https:\/\/pakosc-kalwaria.franciszkanie.net\/index.php\/wp-json\/wp\/v2\/pages"}],"about":[{"href":"https:\/\/pakosc-kalwaria.franciszkanie.net\/index.php\/wp-json\/wp\/v2\/types\/page"}],"author":[{"embeddable":true,"href":"https:\/\/pakosc-kalwaria.franciszkanie.net\/index.php\/wp-json\/wp\/v2\/users\/5"}],"replies":[{"embeddable":true,"href":"https:\/\/pakosc-kalwaria.franciszkanie.net\/index.php\/wp-json\/wp\/v2\/comments?post=92"}],"version-history":[{"count":1,"href":"https:\/\/pakosc-kalwaria.franciszkanie.net\/index.php\/wp-json\/wp\/v2\/pages\/92\/revisions"}],"predecessor-version":[{"id":93,"href":"https:\/\/pakosc-kalwaria.franciszkanie.net\/index.php\/wp-json\/wp\/v2\/pages\/92\/revisions\/93"}],"up":[{"embeddable":true,"href":"https:\/\/pakosc-kalwaria.franciszkanie.net\/index.php\/wp-json\/wp\/v2\/pages\/67"}],"wp:attachment":[{"href":"https:\/\/pakosc-kalwaria.franciszkanie.net\/index.php\/wp-json\/wp\/v2\/media?parent=92"}],"curies":[{"name":"wp","href":"https:\/\/api.w.org\/{rel}","templated":true}]}}